{"id":337,"date":"2023-07-18T15:29:23","date_gmt":"2023-07-18T13:29:23","guid":{"rendered":"https:\/\/assfamvillers54.fr\/?page_id=337"},"modified":"2025-11-20T15:37:33","modified_gmt":"2025-11-20T14:37:33","slug":"groupe-des-aines","status":"publish","type":"page","link":"https:\/\/assfamvillers54.fr\/index.php\/groupe-des-aines\/","title":{"rendered":"Groupe des A\u00een\u00e9s"},"content":{"rendered":"\t\t<div data-elementor-type=\"wp-page\" data-elementor-id=\"337\" class=\"elementor elementor-337\">\n\t\t\t\t\t\t<section class=\"elementor-section elementor-top-section elementor-element elementor-element-79586bb elementor-section-boxed elementor-section-height-default elementor-section-height-default\" data-id=\"79586bb\" data-element_type=\"section\">\n\t\t\t\t\t\t<div class=\"elementor-container elementor-column-gap-default\">\n\t\t\t\t\t<div class=\"elementor-column elementor-col-100 elementor-top-column elementor-element elementor-element-ab4b968\" data-id=\"ab4b968\" data-element_type=\"column\">\n\t\t\t<div class=\"elementor-widget-wrap elementor-element-populated\">\n\t\t\t\t\t\t<div class=\"elementor-element elementor-element-bf9a2ee elementor-widget elementor-widget-image\" data-id=\"bf9a2ee\" data-element_type=\"widget\" data-widget_type=\"image.default\">\n\t\t\t\t<div class=\"elementor-widget-container\">\n\t\t\t<style>\/*! elementor - v3.23.0 - 05-08-2024 *\/\n.elementor-widget-image{text-align:center}.elementor-widget-image a{display:inline-block}.elementor-widget-image a img[src$=\".svg\"]{width:48px}.elementor-widget-image img{vertical-align:middle;display:inline-block}<\/style>\t\t\t\t\t\t\t\t\t\t<img fetchpriority=\"high\" decoding=\"async\" width=\"1024\" height=\"99\" src=\"https:\/\/assfamvillers54.fr\/wp-content\/uploads\/2025\/11\/rapport-1024x99.jpg\" class=\"attachment-large size-large wp-image-2787\" alt=\"\" srcset=\"https:\/\/assfamvillers54.fr\/wp-content\/uploads\/2025\/11\/rapport-1024x99.jpg 1024w, https:\/\/assfamvillers54.fr\/wp-content\/uploads\/2025\/11\/rapport-300x29.jpg 300w, https:\/\/assfamvillers54.fr\/wp-content\/uploads\/2025\/11\/rapport-768x74.jpg 768w, https:\/\/assfamvillers54.fr\/wp-content\/uploads\/2025\/11\/rapport-1536x149.jpg 1536w, https:\/\/assfamvillers54.fr\/wp-content\/uploads\/2025\/11\/rapport.jpg 1786w\" sizes=\"(max-width: 1024px) 100vw, 1024px\" \/>\t\t\t\t\t\t\t\t\t\t\t\t\t<\/div>\n\t\t\t\t<\/div>\n\t\t\t\t\t<\/div>\n\t\t<\/div>\n\t\t\t\t\t<\/div>\n\t\t<\/section>\n\t\t\t\t<section class=\"elementor-section elementor-top-section elementor-element elementor-element-7b405c5 elementor-section-boxed elementor-section-height-default elementor-section-height-default\" data-id=\"7b405c5\" data-element_type=\"section\">\n\t\t\t\t\t\t<div class=\"elementor-container elementor-column-gap-default\">\n\t\t\t\t\t<div class=\"elementor-column elementor-col-100 elementor-top-column elementor-element elementor-element-5f92947\" data-id=\"5f92947\" data-element_type=\"column\">\n\t\t\t<div class=\"elementor-widget-wrap elementor-element-populated\">\n\t\t\t\t\t\t<div class=\"elementor-element elementor-element-02b9964 elementor-widget elementor-widget-text-editor\" data-id=\"02b9964\" data-element_type=\"widget\" data-widget_type=\"text-editor.default\">\n\t\t\t\t<div class=\"elementor-widget-container\">\n\t\t\t<style>\/*! elementor - v3.23.0 - 05-08-2024 *\/\n.elementor-widget-text-editor.elementor-drop-cap-view-stacked .elementor-drop-cap{background-color:#69727d;color:#fff}.elementor-widget-text-editor.elementor-drop-cap-view-framed .elementor-drop-cap{color:#69727d;border:3px solid;background-color:transparent}.elementor-widget-text-editor:not(.elementor-drop-cap-view-default) .elementor-drop-cap{margin-top:8px}.elementor-widget-text-editor:not(.elementor-drop-cap-view-default) .elementor-drop-cap-letter{width:1em;height:1em}.elementor-widget-text-editor .elementor-drop-cap{float:left;text-align:center;line-height:1;font-size:50px}.elementor-widget-text-editor .elementor-drop-cap-letter{display:inline-block}<\/style>\t\t\t\t<p style=\"text-align: center;\"><strong>Rapport d\u2019activit\u00e9 des A\u00een\u00e9s de l\u2019association familiale\u00a0: ann\u00e9e 2024\/2025<\/strong><\/p><p>Le groupe des A\u00een\u00e9s a compt\u00e9, pour l\u2019ann\u00e9e 2024 &#8211; 2025, 164 familles adh\u00e9rentes, pour 250 inscriptions \u00e0 une ou plusieurs activit\u00e9s.<\/p><p>Sur le secteur \u00ab\u00a0Gymnastique, Renforcement musculaire\u00a0\u00bb ce sont 86 pratiquants, pratiquantes qui se sont retrouv\u00e9s au stade le jeudi matin avec une fr\u00e9quentation assez assidue.<\/p><ul><li>Le cr\u00e9neau de gym a compt\u00e9 43 inscriptions pour une fr\u00e9quentation entre 25 et 30 sur chaque s\u00e9ance. Cette activit\u00e9 est toujours anim\u00e9e par Fran\u00e7oise Vibrac second\u00e9e par Jacqueline Combettes.<\/li><li>Les deux cr\u00e9neaux de renforcement musculaire anim\u00e9s par <strong>Michel Taboni et Roland Mayance<\/strong> comptaient en fin d\u2019ann\u00e9e 21 et 22 inscrits pour une fr\u00e9quentation moyenne de 15 \u00e0 18.<\/li><\/ul><p>Gymnastique et renforcement musculaire connaissent un bel engouement et les effectifs ne faiblissent pas, bien au contraire.<\/p><p>Sur l\u2019activit\u00e9 marche qui compte 3 niveaux ce sont 91 marcheurs qui \u00e9taient inscrits, en recul de 15%<\/p><ul><li>La petite marche a vu l\u2019effectif monter jusqu\u2019\u00e0 26 pour une fr\u00e9quentation tr\u00e8s irr\u00e9guli\u00e8re de 3 \u00e0 14 personnes. Nous essayons de varier les circuits pour quelques-uns en ville et utilisation de bus, sur des communes voisines avec covoiturage Accompagnatrices\u00a0: <strong>Dominique Drouilly et Christiane Blanchard<\/strong>.<\/li><li>La moyenne marche, avec les pr\u00e9sences de <strong>Ren\u00e9 Colin, Bernard Bazille, Serge Picart<\/strong> avait 48 inscrits pour une fr\u00e9quentation en baisse d\u00e9passant rarement 20 marcheurs<\/li><li>La grande marche accompagn\u00e9e par <strong>Maryse Michel, Alain Sommacal, Philippe Legoff,<\/strong> a compt\u00e9 17 inscrits avec une moyenne de fr\u00e9quentation de 10 \u00e0 12 personnes<\/li><\/ul><p>Si la petite marche voit son effectif augmenter, les deux autres niveaux ne compensent pas les d\u00e9parts par autant de nouvelles arriv\u00e9es. Ces instants ne sont pas que physiques, chacun s\u2019accorde \u00e0 dire que l\u2019ambiance y est fort conviviale et sympathique.<\/p><p>Le tennis de table avec <strong>Alain Sommacal<\/strong> comme r\u00e9f\u00e9rent a compt\u00e9 17 inscrits<\/p><p>L\u2019ambiance est tr\u00e8s bonne malgr\u00e9 les diff\u00e9rences de niveaux, de sexag\u00e9naires \u00e0 octog\u00e9naires mamies et papis pongistes se retrouvent toute l\u2019ann\u00e9e.<\/p><p>En ce qui concerne les activit\u00e9s aquatiques, bien que les inscriptions en natation aient avoisin\u00e9 les 14 personnes, ce sont seulement 7 personnes qui ont fr\u00e9quent\u00e9 r\u00e9guli\u00e8rement le cr\u00e9neau du mardi, bassin \u00e0 partager avec le public fort peu nombreux \u00e0 ce moment de l\u2019apr\u00e8s-midi. Il est tr\u00e8s dommage que ce cr\u00e9neau qui nous est g\u00e9n\u00e9reusement octroy\u00e9 par l\u2019Aqua P\u00f4le du Grand Nancy (2.80\u20ac l\u2019entr\u00e9e) ne soit pas plus fr\u00e9quent\u00e9 et si nous partageons le bassin avec le public, ce sont \u00a0encore\u00a0 7 assidus qui occupent l\u2019espace.<\/p><p>Quant \u00e0 l\u2019aqua s\u00e9nior, la liste d\u2019inscrits \u00e9tait compl\u00e8te \u00e0 34 et\u00a0 a g\u00e9n\u00e9r\u00e9 une fr\u00e9quentation moyenne de 21 personnes, laissant la possibilit\u00e9 \u00e0 du public d\u2019acc\u00e9der \u00e0 ce cours par le biais du syst\u00e8me informatique de l\u2019aqua p\u00f4le Nancy.<\/p><p>Trois journ\u00e9es amicales ont jalonn\u00e9 cette ann\u00e9e 2024 2025<\/p><ul><li>La journ\u00e9e de rentr\u00e9e \u00e0 la MJC Jean Savine du 14 octobre qui fait se rencontrer surtout les adh\u00e9rents de longue date soit une soixantaine de personnes.<\/li><li>L\u2019apr\u00e8s-midi galette \u00e0 Jean Ferrat du 16 janvier 2024 qui, elle, a eu plus de succ\u00e8s avec une centaine d\u2019adh\u00e9rents<\/li><li>La journ\u00e9e du 26 mai au Parc de Haye, pr\u00e8s d\u2019une soixantaine de personnes sur cette journ\u00e9e m\u00eame si la temp\u00e9rature n\u2019\u00e9tait pas digne d\u2019un joli mois de mai avec une fr\u00e9quentation \u00e0 la carte (journ\u00e9e, demi-journ\u00e9e et\/ou seulement pique-nique)<\/li><li>Dans l\u2019ensemble, ce groupe se porte bien, le fait que certains participent \u00e0 plusieurs activit\u00e9s tisse un lien entre les diff\u00e9rentes disciplines. Il est \u00e0 remarquer tout de m\u00eame que la perte d\u2019anciens adh\u00e9rents, pour souvent des raisons de sant\u00e9 ou de grand \u00e2ge, n\u2019est pas enti\u00e8rement compens\u00e9e par de nouvelles adh\u00e9sions.<\/li><\/ul>\t\t\t\t\t\t<\/div>\n\t\t\t\t<\/div>\n\t\t\t\t\t<\/div>\n\t\t<\/div>\n\t\t\t\t\t<\/div>\n\t\t<\/section>\n\t\t\t\t<section class=\"elementor-section elementor-top-section elementor-element elementor-element-481ad23 elementor-section-boxed elementor-section-height-default elementor-section-height-default\" data-id=\"481ad23\" data-element_type=\"section\">\n\t\t\t\t\t\t<div class=\"elementor-container elementor-column-gap-default\">\n\t\t\t\t\t<div class=\"elementor-column elementor-col-100 elementor-top-column elementor-element elementor-element-04c2ebf\" data-id=\"04c2ebf\" data-element_type=\"column\">\n\t\t\t<div class=\"elementor-widget-wrap elementor-element-populated\">\n\t\t\t\t\t\t<div class=\"elementor-element elementor-element-ea8c25f elementor-widget elementor-widget-image\" data-id=\"ea8c25f\" data-element_type=\"widget\" data-widget_type=\"image.default\">\n\t\t\t\t<div class=\"elementor-widget-container\">\n\t\t\t\t\t\t\t\t\t\t\t\t\t<img decoding=\"async\" width=\"868\" height=\"15\" src=\"https:\/\/assfamvillers54.fr\/wp-content\/uploads\/2024\/07\/Trait-vert-jaune.jpg\" class=\"attachment-large size-large wp-image-2142\" alt=\"\" srcset=\"https:\/\/assfamvillers54.fr\/wp-content\/uploads\/2024\/07\/Trait-vert-jaune.jpg 868w, https:\/\/assfamvillers54.fr\/wp-content\/uploads\/2024\/07\/Trait-vert-jaune-300x5.jpg 300w, https:\/\/assfamvillers54.fr\/wp-content\/uploads\/2024\/07\/Trait-vert-jaune-768x13.jpg 768w, https:\/\/assfamvillers54.fr\/wp-content\/uploads\/2024\/07\/Trait-vert-jaune-800x15.jpg 800w\" sizes=\"(max-width: 868px) 100vw, 868px\" \/>\t\t\t\t\t\t\t\t\t\t\t\t\t<\/div>\n\t\t\t\t<\/div>\n\t\t\t\t\t<\/div>\n\t\t<\/div>\n\t\t\t\t\t<\/div>\n\t\t<\/section>\n\t\t\t\t<section class=\"elementor-section elementor-top-section elementor-element elementor-element-1a264fe elementor-section-boxed elementor-section-height-default elementor-section-height-default\" data-id=\"1a264fe\" data-element_type=\"section\">\n\t\t\t\t\t\t<div class=\"elementor-container elementor-column-gap-default\">\n\t\t\t\t\t<div class=\"elementor-column elementor-col-100 elementor-top-column elementor-element elementor-element-070507d\" data-id=\"070507d\" data-element_type=\"column\">\n\t\t\t<div class=\"elementor-widget-wrap elementor-element-populated\">\n\t\t\t\t\t\t<div class=\"elementor-element elementor-element-1300ca7 elementor-widget elementor-widget-image\" data-id=\"1300ca7\" data-element_type=\"widget\" data-widget_type=\"image.default\">\n\t\t\t\t<div class=\"elementor-widget-container\">\n\t\t\t\t\t\t\t\t\t\t\t\t\t<img decoding=\"async\" width=\"1024\" height=\"99\" src=\"https:\/\/assfamvillers54.fr\/wp-content\/uploads\/2025\/09\/Rentree-1024x99.jpg\" class=\"attachment-large size-large wp-image-2636\" alt=\"\" srcset=\"https:\/\/assfamvillers54.fr\/wp-content\/uploads\/2025\/09\/Rentree-1024x99.jpg 1024w, https:\/\/assfamvillers54.fr\/wp-content\/uploads\/2025\/09\/Rentree-300x29.jpg 300w, https:\/\/assfamvillers54.fr\/wp-content\/uploads\/2025\/09\/Rentree-768x74.jpg 768w, https:\/\/assfamvillers54.fr\/wp-content\/uploads\/2025\/09\/Rentree-1536x149.jpg 1536w, https:\/\/assfamvillers54.fr\/wp-content\/uploads\/2025\/09\/Rentree.jpg 1786w\" sizes=\"(max-width: 1024px) 100vw, 1024px\" \/>\t\t\t\t\t\t\t\t\t\t\t\t\t<\/div>\n\t\t\t\t<\/div>\n\t\t\t\t\t<\/div>\n\t\t<\/div>\n\t\t\t\t\t<\/div>\n\t\t<\/section>\n\t\t\t\t<section class=\"elementor-section elementor-top-section elementor-element elementor-element-98c8422 elementor-section-boxed elementor-section-height-default elementor-section-height-default\" data-id=\"98c8422\" data-element_type=\"section\">\n\t\t\t\t\t\t<div class=\"elementor-container elementor-column-gap-default\">\n\t\t\t\t\t<div class=\"elementor-column elementor-col-100 elementor-top-column elementor-element elementor-element-ecc1e7e\" data-id=\"ecc1e7e\" data-element_type=\"column\">\n\t\t\t<div class=\"elementor-widget-wrap elementor-element-populated\">\n\t\t\t\t\t\t<div class=\"elementor-element elementor-element-5889e75 elementor-widget elementor-widget-text-editor\" data-id=\"5889e75\" data-element_type=\"widget\" data-widget_type=\"text-editor.default\">\n\t\t\t\t<div class=\"elementor-widget-container\">\n\t\t\t\t\t\t\t<p><strong>\u00a0 \u00a0 \u00a0<\/strong><\/p><h1 style=\"text-align: center;\"><strong>\u00a0 \u00a0 \u00a0 \u00a0 \u00a0 \u00a0 \u00a0 \u00a0 \u00a0 \u00a0 \u00a0 <\/strong><span style=\"color: #52aa0a;\"><strong>RENTREE 2025<\/strong><\/span><\/h1><p><strong>\u00a0<\/strong><\/p><p style=\"text-align: center;\"><span style=\"color: #52aa0a;\"><strong><em>Le tarif de l\u2019adh\u00e9sion reste \u00e0 17 \u20ac pour une famille villaroise et \u00e0 22 \u20ac pour une non villaroise<\/em><\/strong><\/span><\/p><p style=\"text-align: center;\"><span style=\"color: #52aa0a;\"><strong><em>La participation aux activit\u00e9s est soumise \u00e0 une hausse et s\u2019\u00e9l\u00e8vera \u00e0 17 \u20ac comme l\u2019adh\u00e9sion<\/em><\/strong><\/span><\/p><p style=\"text-align: center;\"><span style=\"color: #52aa0a;\"><strong><em>Les inscriptions seront prises au bureau de l\u2019association ou par courrier<\/em><\/strong><em>.<\/em><em>\u00a0<\/em><\/span><\/p><p style=\"text-align: center;\"><span style=\"color: #52aa0a;\"><strong>ASSOCIATION FAMILIALE\u00a0 espace O Airaud- Centre Socioculturel du Placieux <\/strong><\/span><\/p><p style=\"text-align: center;\"><span style=\"color: #52aa0a;\"><strong>16 bd du Dr Cattenoz Villers les Nancy<\/strong><\/span><\/p><p style=\"text-align: center;\"><span style=\"color: #52aa0a;\"><strong>Ouverture du bureau :\u00a0 Mardi, mercredi, jeudi, vendredi de 10h00 \u00e0 12h00<\/strong><\/span><\/p><p style=\"text-align: center;\"><span style=\"color: #ff9900;\">Ferm\u00e9 pendant les vacances scolaires<\/span><\/p><p style=\"text-align: center;\"><span style=\"color: #52aa0a;\"><strong>06 74 01 68 64\u00a0\u00a0\u00a0\u00a0\u00a0\u00a0\u00a0\u00a0\u00a0\u00a0\u00a0 <\/strong><a style=\"color: #52aa0a;\" href=\"mailto:ass.fam.villers@wanadoo.fr\"><strong><em>ass.fam.villers@wanadoo.fr<\/em><\/strong><\/a><\/span><\/p><p><strong>\u00a0<\/strong><\/p><p><strong>Le paiement de votre adh\u00e9sion et de vos activit\u00e9s est \u00e0 effectuer par ch\u00e8que bancaire ou ch\u00e8ques vacances (merci de bien vouloir \u00e9viter tout paiement en esp\u00e8ces car nous n\u2019avons pas de comptabilit\u00e9 de caisse).<\/strong><\/p><p><strong>Tout paiement ne sera pas remboursable si l\u2019activit\u00e9 doit \u00eatre interrompue en cours d\u2019ann\u00e9e<\/strong><\/p><p><strong>\u00a0<\/strong><\/p><h3 style=\"text-align: center;\"><span style=\"color: #52aa0a;\"><strong><u>Le renforcement musculaire<\/u><\/strong><strong> et la <u>gymnastique<\/u> <\/strong><\/span>le jeudi matin au stade Roger Bambuck,<\/h3><h3><strong>Renforcement musculaire<\/strong>\u00a0: 2 cr\u00e9neaux\u00a0: 9h15\/10h15 et 10h30\/11h30. <span style=\"color: #52aa0a;\">Reprise de l\u2019activit\u00e9 le\u00a011 septembre<\/span><\/h3><h3><span style=\"color: #339966;\"><strong><span style=\"color: #000000;\">Gymnastique\u00a0: une seule s\u00e9ance de 9h 30 \u00e0 10h 30. Reprise de<\/span><\/strong><span style=\"color: #52aa0a;\"> l\u2019activit\u00e9 le 11 septembre<\/span><\/span><\/h3><p>Pour ces deux activit\u00e9s, priorit\u00e9 est bien s\u00fbr donn\u00e9e aux pratiquant(e)s de l\u2019ann\u00e9e \u00e9coul\u00e9e\u00a0; cependant si vous \u00eates amen\u00e9(e)s \u00e0 quitter le groupe, faites-le nous savoir rapidement afin que nous puissions ouvrir l\u2019activit\u00e9 aux personnes qui sont en liste d\u2019attente.<\/p><h2 style=\"text-align: center;\"><span style=\"color: #52aa0a;\"><strong><u>Les marches<\/u><\/strong>\u00a0<\/span><strong>: <\/strong>Reprise des marches le 8 septembre.<\/h2><p><span style=\"color: #52aa0a;\"><strong>Grande marche<\/strong><\/span> \u00e0 13h20 pour un d\u00e9part \u00e0 13h30 rassemblement sur le mail de Clairlieu\u00a0; circuits de 10 \u00e0 12km, rythme soutenu et d\u00e9nivel\u00e9s<\/p><p><span style=\"color: #52aa0a;\"><strong>Moyenne marche<\/strong><\/span> \u00e0 13h35 pour un d\u00e9part \u00e0 13h45 rassemblement sur le mail de Clairlieu\u00a0; circuits de 8 \u00e0 9 km, rythme normal, d\u00e9nivel\u00e9s peu importants.<\/p><p><span style=\"color: #52aa0a;\"><strong>Petite marche<\/strong> <\/span>\u00e0 14h00, lieu \u00e0 d\u00e9finir chaque lundi en fonction du circuit propos\u00e9 rythme de promenade sur 4 \u00e0 6 km sur circuit ou aller\/retour.<\/p><h2 style=\"text-align: center;\"><span style=\"color: #52aa0a;\"><strong><u>Activit\u00e9s aquatiques<\/u><\/strong><strong>\u00a0:<\/strong><\/span><\/h2><p>La reprise des activit\u00e9s du P\u00f4le Aquatique Grand Nancy est fix\u00e9e \u00e0 partir du 18 septembre en ce qui concerne la piscine de Laxou.<\/p><p><span style=\"color: #52aa0a;\"><strong>Le cr\u00e9neau de natation libre<\/strong><\/span> du mardi devrait \u00eatre reconduit aux m\u00eames horaires et aux m\u00eames conditions\u00a0: c\u2019est-\u00e0-dire entr\u00e9e dans l\u2019\u00e9tablissement \u00e0 15h30, 15h45 dans l\u2019eau jusqu\u2019\u00e0 16h30 sur deux lignes d\u2019eau r\u00e9serv\u00e9es. Le prix de l\u2019entr\u00e9e est fix\u00e9 \u00e0 2.80\u20ac. Notre groupe n\u2019a jamais atteint le quota de 10 nageurs malgr\u00e9 une vingtaine d\u2019inscriptions, la fr\u00e9quentation du public est tr\u00e8s faible \u00e0 cette heure, il y a donc de la place pour tous nageurs confirm\u00e9s comme peu \u00e0 l\u2019aise.<\/p><p><span style=\"color: #52aa0a;\"><strong>L\u2019aqua s\u00e9nior<\/strong><\/span> sera dispens\u00e9e aux\u00a0 horaires suivants :\u00a0<span style=\"color: #444444; font-family: Arial, Helvetica, sans-serif; font-size: 14px; font-style: normal; font-variant-ligatures: normal; font-variant-caps: normal; font-weight: 400;\"> entr\u00e9e \u00e0 16 heures dans l&rsquo;\u00e9tablissement, cours de 16h30 \u00e0 17h15 <\/span>le vendredi. La liste est compl\u00e8te. Les tarifs ne nous ont pas encore \u00e9t\u00e9 communiqu\u00e9s, une augmentation est \u00e0 pr\u00e9voir d\u00e8s juillet<\/p><p>Grands parents accompagnant de petits-enfants, sachez <strong>qu\u2019un cr\u00e9neau d\u2019apprentissage de la natation<\/strong> a lieu \u00e0 Laxou le mercredi de 14h30 \u00e0 15h15 organis\u00e9 par l\u2019association familiale, vous pouvez vous renseigner au bureau<\/p><h2 style=\"text-align: center;\"><span style=\"color: #52aa0a;\"><strong><u>Tennis de table<\/u><\/strong><strong>\u00a0: <\/strong>Stade Roger Bambuck<\/span><\/h2><p>Mardi de 14h \u00e0 17h et vendredi de 15h15 \u00e0 17h15.<\/p><p>Les cr\u00e9neaux sont reconduits, la fr\u00e9quentation en continu est act\u00e9e, cependant, lors des vacances scolaires, des stages organis\u00e9s par le COS Tennis de Table restent prioritaires dans l\u2019utilisation de la salle.<\/p><h2 style=\"text-align: center;\"><span style=\"color: #52aa0a;\"><strong><u>Journ\u00e9es amicales <\/u><\/strong><\/span><\/h2><p>La journ\u00e9e amicale de rentr\u00e9e n\u2019a pas encore \u00e9t\u00e9 fix\u00e9e, l\u2019apr\u00e8s-midi galette est suspendue au fait que nous ne pourrons disposer de la salle Jean Ferrat qui va servir pendant une ann\u00e9e \u00e0 la restauration scolaire. Il nous faut trouver un autre lieu pour nous accueillir.<\/p><p>La journ\u00e9e au parc de Loisirs qui a connu un beau succ\u00e8s cette ann\u00e9e devrait \u00eatre reconduite dans les m\u00eames conditions, soit le dernier lundi de mai 2026. Tous ces probl\u00e8mes seront \u00e9voqu\u00e9s au CA de fin juin.<\/p>\t\t\t\t\t\t<\/div>\n\t\t\t\t<\/div>\n\t\t\t\t\t<\/div>\n\t\t<\/div>\n\t\t\t\t\t<\/div>\n\t\t<\/section>\n\t\t\t\t<section class=\"elementor-section elementor-top-section elementor-element elementor-element-d9f93ab elementor-section-boxed elementor-section-height-default elementor-section-height-default\" data-id=\"d9f93ab\" data-element_type=\"section\">\n\t\t\t\t\t\t<div class=\"elementor-container elementor-column-gap-default\">\n\t\t\t\t\t<div class=\"elementor-column elementor-col-100 elementor-top-column elementor-element elementor-element-79d8ea9\" data-id=\"79d8ea9\" data-element_type=\"column\">\n\t\t\t<div class=\"elementor-widget-wrap\">\n\t\t\t\t\t\t\t<\/div>\n\t\t<\/div>\n\t\t\t\t\t<\/div>\n\t\t<\/section>\n\t\t\t\t<section class=\"elementor-section elementor-top-section elementor-element elementor-element-0a68340 elementor-section-boxed elementor-section-height-default elementor-section-height-default\" data-id=\"0a68340\" data-element_type=\"section\">\n\t\t\t\t\t\t<div class=\"elementor-container elementor-column-gap-default\">\n\t\t\t\t\t<div class=\"elementor-column elementor-col-100 elementor-top-column elementor-element elementor-element-efc2512\" data-id=\"efc2512\" data-element_type=\"column\">\n\t\t\t<div class=\"elementor-widget-wrap elementor-element-populated\">\n\t\t\t\t\t\t<div class=\"elementor-element elementor-element-a15b767 elementor-widget elementor-widget-text-editor\" data-id=\"a15b767\" data-element_type=\"widget\" data-widget_type=\"text-editor.default\">\n\t\t\t\t<div class=\"elementor-widget-container\">\n\t\t\t\t\t\t\t<h1 style=\"text-align: center;\"><span style=\"color: #339966;\"><a style=\"color: #339966;\" href=\"https:\/\/assfamvillers54.fr\/wp-content\/uploads\/2025\/07\/Fiche-Inscription-2025-2026.pdf\">Fiche Inscription 2025 2026<\/a><\/span><\/h1>\t\t\t\t\t\t<\/div>\n\t\t\t\t<\/div>\n\t\t\t\t\t<\/div>\n\t\t<\/div>\n\t\t\t\t\t<\/div>\n\t\t<\/section>\n\t\t\t\t<section class=\"elementor-section elementor-top-section elementor-element elementor-element-e86bc27 elementor-section-boxed elementor-section-height-default elementor-section-height-default\" data-id=\"e86bc27\" data-element_type=\"section\">\n\t\t\t\t\t\t<div class=\"elementor-container elementor-column-gap-default\">\n\t\t\t\t\t<div class=\"elementor-column elementor-col-100 elementor-top-column elementor-element elementor-element-9c7e5a6\" data-id=\"9c7e5a6\" data-element_type=\"column\">\n\t\t\t<div class=\"elementor-widget-wrap elementor-element-populated\">\n\t\t\t\t\t\t<div class=\"elementor-element elementor-element-e784dd9 elementor-widget elementor-widget-image\" data-id=\"e784dd9\" data-element_type=\"widget\" data-widget_type=\"image.default\">\n\t\t\t\t<div class=\"elementor-widget-container\">\n\t\t\t\t\t\t\t\t\t\t\t\t\t<img decoding=\"async\" width=\"868\" height=\"15\" src=\"https:\/\/assfamvillers54.fr\/wp-content\/uploads\/2024\/07\/Trait-vert-jaune.jpg\" class=\"attachment-large size-large wp-image-2142\" alt=\"\" srcset=\"https:\/\/assfamvillers54.fr\/wp-content\/uploads\/2024\/07\/Trait-vert-jaune.jpg 868w, https:\/\/assfamvillers54.fr\/wp-content\/uploads\/2024\/07\/Trait-vert-jaune-300x5.jpg 300w, https:\/\/assfamvillers54.fr\/wp-content\/uploads\/2024\/07\/Trait-vert-jaune-768x13.jpg 768w, https:\/\/assfamvillers54.fr\/wp-content\/uploads\/2024\/07\/Trait-vert-jaune-800x15.jpg 800w\" sizes=\"(max-width: 868px) 100vw, 868px\" \/>\t\t\t\t\t\t\t\t\t\t\t\t\t<\/div>\n\t\t\t\t<\/div>\n\t\t\t\t\t<\/div>\n\t\t<\/div>\n\t\t\t\t\t<\/div>\n\t\t<\/section>\n\t\t\t\t<section class=\"elementor-section elementor-top-section elementor-element elementor-element-5abdc0e elementor-section-boxed elementor-section-height-default elementor-section-height-default\" data-id=\"5abdc0e\" data-element_type=\"section\">\n\t\t\t\t\t\t<div class=\"elementor-container elementor-column-gap-default\">\n\t\t\t\t\t<div class=\"elementor-column elementor-col-100 elementor-top-column elementor-element elementor-element-6bc7a78\" data-id=\"6bc7a78\" data-element_type=\"column\">\n\t\t\t<div class=\"elementor-widget-wrap elementor-element-populated\">\n\t\t\t\t\t\t<div class=\"elementor-element elementor-element-0c2b0b0 elementor-widget elementor-widget-image\" data-id=\"0c2b0b0\" data-element_type=\"widget\" data-widget_type=\"image.default\">\n\t\t\t\t<div class=\"elementor-widget-container\">\n\t\t\t\t\t\t\t\t\t\t\t\t\t<img loading=\"lazy\" decoding=\"async\" width=\"703\" height=\"80\" src=\"https:\/\/assfamvillers54.fr\/wp-content\/uploads\/2024\/10\/Rentree.jpg\" class=\"attachment-large size-large wp-image-2324\" alt=\"\" srcset=\"https:\/\/assfamvillers54.fr\/wp-content\/uploads\/2024\/10\/Rentree.jpg 703w, https:\/\/assfamvillers54.fr\/wp-content\/uploads\/2024\/10\/Rentree-300x34.jpg 300w\" sizes=\"(max-width: 703px) 100vw, 703px\" \/>\t\t\t\t\t\t\t\t\t\t\t\t\t<\/div>\n\t\t\t\t<\/div>\n\t\t\t\t\t<\/div>\n\t\t<\/div>\n\t\t\t\t\t<\/div>\n\t\t<\/section>\n\t\t\t\t<section class=\"elementor-section elementor-top-section elementor-element elementor-element-caeefdb elementor-section-boxed elementor-section-height-default elementor-section-height-default\" data-id=\"caeefdb\" data-element_type=\"section\">\n\t\t\t\t\t\t<div class=\"elementor-container elementor-column-gap-default\">\n\t\t\t\t\t<div class=\"elementor-column elementor-col-100 elementor-top-column elementor-element elementor-element-8a32371\" data-id=\"8a32371\" data-element_type=\"column\">\n\t\t\t<div class=\"elementor-widget-wrap elementor-element-populated\">\n\t\t\t\t\t\t<div class=\"elementor-element elementor-element-4789697 elementor-widget elementor-widget-text-editor\" data-id=\"4789697\" data-element_type=\"widget\" data-widget_type=\"text-editor.default\">\n\t\t\t\t<div class=\"elementor-widget-container\">\n\t\t\t\t\t\t\t<h1 style=\"text-align: center;\"><span style=\"font-family: Calibri; color: #52aa0a;\">Je vous rappelle notre\u00a0<b>Journ\u00e9e Amicale de Rentr\u00e9e<\/b> \u00a0<\/span><\/h1><h1 style=\"text-align: center;\"><span style=\"font-family: Calibri; color: #52aa0a;\"><b>Lundi 14 octobre 2024 \u00e0 la M.J.C. Jean Savine<\/b><\/span><\/h1><p><span style=\"font-family: Calibri;\">Nous vous esp\u00e9rons nombreux et nombreuses \u00e0 cette journ\u00e9e qui permet \u00e0 tous nos adh\u00e9rent(e)s de se rencontrer en dehors de leurs activit\u00e9s habituelles.<\/span><\/p><p><span style=\"font-family: Calibri;\">En voici la trame :<\/span><\/p><p><span style=\"font-family: Calibri;\"><b>R\u00e9union \u00e0 10 h30\u00a0<\/b>: bilan de l&rsquo;ann\u00e9e \u00e9coul\u00e9e, projets pour cette ann\u00e9e (venez avec vos id\u00e9es)<\/span><\/p><p><span style=\"font-family: Calibri;\">Cette r\u00e9union sera suivie d&rsquo;un\u00a0<b>ap\u00e9ritif<\/b>.<\/span><\/p><p><span style=\"font-family: Calibri;\">Pour ceux qui le voudront ensuite\u00a0<b>repas tir\u00e9 du sac<\/b>\u00a0dans les locaux de la M.J.C.<\/span><\/p><p><span style=\"font-family: Calibri;\">L&rsquo;apr\u00e8s-midi sera consacr\u00e9e \u00e0 la d\u00e9tente, jeux, promenade et marches.<\/span><\/p>\t\t\t\t\t\t<\/div>\n\t\t\t\t<\/div>\n\t\t\t\t\t<\/div>\n\t\t<\/div>\n\t\t\t\t\t<\/div>\n\t\t<\/section>\n\t\t\t\t<section class=\"elementor-section elementor-top-section elementor-element elementor-element-18fe831 elementor-section-boxed elementor-section-height-default elementor-section-height-default\" data-id=\"18fe831\" data-element_type=\"section\">\n\t\t\t\t\t\t<div class=\"elementor-container elementor-column-gap-default\">\n\t\t\t\t\t<div class=\"elementor-column elementor-col-100 elementor-top-column elementor-element elementor-element-3c2b661\" data-id=\"3c2b661\" data-element_type=\"column\">\n\t\t\t<div class=\"elementor-widget-wrap elementor-element-populated\">\n\t\t\t\t\t\t<div class=\"elementor-element elementor-element-8778f1f elementor-widget elementor-widget-image\" data-id=\"8778f1f\" data-element_type=\"widget\" data-widget_type=\"image.default\">\n\t\t\t\t<div class=\"elementor-widget-container\">\n\t\t\t\t\t\t\t\t\t\t\t\t\t<img decoding=\"async\" width=\"868\" height=\"15\" src=\"https:\/\/assfamvillers54.fr\/wp-content\/uploads\/2024\/07\/Trait-vert-jaune.jpg\" class=\"attachment-large size-large wp-image-2142\" alt=\"\" srcset=\"https:\/\/assfamvillers54.fr\/wp-content\/uploads\/2024\/07\/Trait-vert-jaune.jpg 868w, https:\/\/assfamvillers54.fr\/wp-content\/uploads\/2024\/07\/Trait-vert-jaune-300x5.jpg 300w, https:\/\/assfamvillers54.fr\/wp-content\/uploads\/2024\/07\/Trait-vert-jaune-768x13.jpg 768w, https:\/\/assfamvillers54.fr\/wp-content\/uploads\/2024\/07\/Trait-vert-jaune-800x15.jpg 800w\" sizes=\"(max-width: 868px) 100vw, 868px\" \/>\t\t\t\t\t\t\t\t\t\t\t\t\t<\/div>\n\t\t\t\t<\/div>\n\t\t\t\t\t<\/div>\n\t\t<\/div>\n\t\t\t\t\t<\/div>\n\t\t<\/section>\n\t\t\t\t<section class=\"elementor-section elementor-top-section elementor-element elementor-element-7edf7d4 elementor-section-boxed elementor-section-height-default elementor-section-height-default\" data-id=\"7edf7d4\" data-element_type=\"section\">\n\t\t\t\t\t\t<div class=\"elementor-container elementor-column-gap-default\">\n\t\t\t\t\t<div class=\"elementor-column elementor-col-100 elementor-top-column elementor-element elementor-element-bc8b750\" data-id=\"bc8b750\" data-element_type=\"column\">\n\t\t\t<div class=\"elementor-widget-wrap elementor-element-populated\">\n\t\t\t\t\t\t<div class=\"elementor-element elementor-element-c000c6d elementor-widget elementor-widget-image\" data-id=\"c000c6d\" data-element_type=\"widget\" data-widget_type=\"image.default\">\n\t\t\t\t<div class=\"elementor-widget-container\">\n\t\t\t\t\t\t\t\t\t\t\t\t\t<img loading=\"lazy\" decoding=\"async\" width=\"631\" height=\"80\" src=\"https:\/\/assfamvillers54.fr\/wp-content\/uploads\/2024\/07\/Rentree.jpg\" class=\"attachment-large size-large wp-image-2168\" alt=\"\" srcset=\"https:\/\/assfamvillers54.fr\/wp-content\/uploads\/2024\/07\/Rentree.jpg 631w, https:\/\/assfamvillers54.fr\/wp-content\/uploads\/2024\/07\/Rentree-300x38.jpg 300w\" sizes=\"(max-width: 631px) 100vw, 631px\" \/>\t\t\t\t\t\t\t\t\t\t\t\t\t<\/div>\n\t\t\t\t<\/div>\n\t\t\t\t\t<\/div>\n\t\t<\/div>\n\t\t\t\t\t<\/div>\n\t\t<\/section>\n\t\t\t\t<section class=\"elementor-section elementor-top-section elementor-element elementor-element-45ba4e5 elementor-section-boxed elementor-section-height-default elementor-section-height-default\" data-id=\"45ba4e5\" data-element_type=\"section\">\n\t\t\t\t\t\t<div class=\"elementor-container elementor-column-gap-default\">\n\t\t\t\t\t<div class=\"elementor-column elementor-col-100 elementor-top-column elementor-element elementor-element-0541066\" data-id=\"0541066\" data-element_type=\"column\">\n\t\t\t<div class=\"elementor-widget-wrap elementor-element-populated\">\n\t\t\t\t\t\t<div class=\"elementor-element elementor-element-3532a6f elementor-widget elementor-widget-text-editor\" data-id=\"3532a6f\" data-element_type=\"widget\" data-widget_type=\"text-editor.default\">\n\t\t\t\t<div class=\"elementor-widget-container\">\n\t\t\t\t\t\t\t<h1 style=\"text-align: center;\"><span style=\"color: #000000;\"><strong><em>Les activit\u00e9s sont toutes reconduites sur les m\u00eames plages horaires, dans les m\u00eames lieux<\/em><\/strong><\/span><\/h1><p style=\"text-align: center;\"><span style=\"color: #000000;\"><strong><em>Le tarif de l\u2019adh\u00e9sion reste \u00e0 17 \u20ac pour une famille villaroise et \u00e0 22 \u20ac pour une non villaroise<\/em><\/strong><\/span><\/p><p style=\"text-align: center;\"><span style=\"color: #000000;\"><strong><em>La participation aux activit\u00e9s qui y sont soumises, reste \u00e0 15 \u20ac<\/em><\/strong><\/span><\/p><p style=\"text-align: center;\"><strong><em>\u00a0<\/em><\/strong><span style=\"text-decoration: underline;\"><span style=\"color: #000000; text-decoration: underline;\"><strong><em>A partir de cette rentr\u00e9e 2024, les inscriptions seront prises au bureau de l\u2019association ou par courrier<\/em><\/strong><em>.<\/em><\/span><\/span><\/p><p style=\"text-align: center;\"><em>\u00a0<\/em><\/p><p style=\"text-align: center;\"><span style=\"color: #000000;\"><strong>ASSOCIATION FAMILIALE Centre Socioculturel du Placieux 16 bd du Dr Cattenoz Villers les Nancy<\/strong><\/span><\/p><p style=\"text-align: center;\"><span style=\"color: #000000;\"><strong>Ouverture du bureau les Lundis, Mercredis et Jeudis de 14 h \u00e0 17 h et les Mardis et Vendredis de 9 h \u00e0 12 h<\/strong><\/span><\/p><p style=\"text-align: center;\"><span style=\"color: #000000;\"><strong>06 74 01 68 64<\/strong><\/span><\/p><p style=\"text-align: center;\"><strong>\u00a0<\/strong><\/p><p style=\"text-align: center;\"><span style=\"color: #000000;\"><strong>La feuille d\u2019inscription a \u00e9t\u00e9 l\u00e9g\u00e8rement modifi\u00e9e, nous vous demandons de bien compl\u00e9ter les renseignements concernant le paiement et d\u2019\u00e9viter tout paiement en esp\u00e8ces car nous n\u2019avons pas de comptabilit\u00e9 de caisse.<\/strong><\/span><\/p><p style=\"text-align: center;\"><span style=\"color: #000000;\"><strong>Tout paiement ne sera pas remboursable si l\u2019activit\u00e9 doit \u00eatre interrompue en cours d\u2019ann\u00e9e<\/strong><\/span><\/p><p style=\"text-align: center;\"><span style=\"color: #000000;\"><strong>\u00a0<\/strong><\/span><\/p><h3 style=\"text-align: center;\"><span style=\"color: #000000;\"><span style=\"color: #e7c714;\"><strong><u>Le renforcement musculaire<\/u><\/strong><strong> et la <u>gymnastique<\/u>\u00a0 : <\/strong><\/span>le jeudi matin au stade Roger Bambuck,<\/span><\/h3><p style=\"text-align: center;\"><span style=\"color: #000000;\"><span style=\"color: #e7c714;\"><strong>Renforcement musculaire<\/strong><\/span>\u00a0: 2 cr\u00e9neaux\u00a0: 9h15\/10h15 et 10h30\/11h30. Reprise de l\u2019activit\u00e9 le\u00a012 septembre<\/span><\/p><p style=\"text-align: center;\"><span style=\"color: #000000;\"><span style=\"color: #e7c714;\"><strong>Gymnastique<\/strong><\/span>\u00a0: une seule s\u00e9ance de 9h15 \u00e0 10h15. Reprise de l\u2019activit\u00e9 le 12 septembre<\/span><\/p><p style=\"text-align: center;\"><span style=\"color: #000000;\">Pour ces deux activit\u00e9s, priorit\u00e9 est bien s\u00fbr donn\u00e9e aux pratiquant(e)s de l\u2019ann\u00e9e \u00e9coul\u00e9e\u00a0; cependant si vous \u00eates amen\u00e9(e)s \u00e0 quitter le groupe, faites-le nous savoir rapidement afin que nous puissions ouvrir l\u2019activit\u00e9 aux personnes qui sont en liste d\u2019attente.<\/span><\/p><h3 style=\"text-align: center;\"><span style=\"color: #000000;\"><span style=\"color: #e7c714;\"><strong><u>Les marches<\/u><\/strong>\u00a0<\/span><strong><span style=\"color: #ffcc00;\">:<\/span> r<\/strong>eprise des marches le 9 septembre.<\/span><\/h3><p style=\"text-align: center;\"><span style=\"color: #000000;\"><span style=\"color: #e7c714;\"><strong>Grande marche<\/strong><\/span> \u00e0 13h20 pour un d\u00e9part \u00e0 13h30 rassemblement sur le mail de Clairlieu\u00a0; circuits de 10 \u00e0 12km, rythme soutenu et d\u00e9nivel\u00e9s<\/span><\/p><p style=\"text-align: center;\"><span style=\"color: #000000;\"><span style=\"color: #e7c714;\"><strong>Moyenne marche<\/strong><\/span> \u00e0 13h35 pour un d\u00e9part \u00e0 13h45 rassemblement sur le mail de Clairlieu\u00a0; circuits de 8 \u00e0 9 km, rythme normal, d\u00e9nivel\u00e9s peu importants.<\/span><\/p><p style=\"text-align: center;\"><span style=\"color: #000000;\"><span style=\"color: #e7c714;\"><strong>Petite marche<\/strong> <\/span>\u00e0 14h00, lieu \u00e0 d\u00e9finir chaque lundi en fonction du circuit propos\u00e9 rythme de promenade sur 4 \u00e0 6 km sur circuit ou aller\/retour<\/span><\/p><p style=\"text-align: center;\"><span style=\"color: #000000;\"><strong>\u00a0<\/strong><\/span><\/p><h1 style=\"text-align: center;\"><span style=\"color: #cfc000;\"><strong><u>Activit\u00e9s aquatiques<\/u><\/strong><strong>\u00a0:<\/strong><\/span><\/h1><p style=\"text-align: center;\"><span style=\"color: #000000;\">La reprise des activit\u00e9s du P\u00f4le Aquatique Grand Nancy est fix\u00e9e \u00e0 partir du 9 septembre 2023 en ce qui concerne la piscine de Laxou.<\/span><\/p><p style=\"text-align: center;\"><span style=\"color: #000000;\"><span style=\"color: #e7c714;\"><strong>Le cr\u00e9neau de natation libre<\/strong> <\/span>du mardi devrait \u00eatre reconduit aux m\u00eames horaires et aux m\u00eames conditions\u00a0: c\u2019est-\u00e0-dire entr\u00e9e dans l\u2019\u00e9tablissement \u00e0 15h30, 15h45 dans l\u2019eau jusqu\u2019\u00e0 16h30 sur une ligne d\u2019eau r\u00e9serv\u00e9e mais avec acc\u00e8s aux autres lignes suivant la fr\u00e9quentation publique qui est tr\u00e8s faible sur cette plage horaire. Le prix de l\u2019entr\u00e9e est fix\u00e9 \u00e0 2.75\u20ac. Notre groupe n\u2019a jamais atteint le quota de 10 nageurs malgr\u00e9 une vingtaine d\u2019inscriptions.<\/span><\/p><p style=\"text-align: center;\"><span style=\"color: #000000;\"><span style=\"color: #e7c714;\"><strong>L\u2019aqua s\u00e9nior<\/strong><\/span> sera dispens\u00e9e aux m\u00eames horaires que l\u2019ann\u00e9e pr\u00e9c\u00e9dente soit de 16h30 \u00e0 17h15 le vendredi. La liste est compl\u00e8te.<\/span><\/p><p style=\"text-align: center;\"><span style=\"color: #000000;\">Grands parents accompagnant de petits-enfants, sachez qu\u2019un cr\u00e9neau d\u2019apprentissage de la natation a lieu \u00e0 Laxou le mercredi de 14h30 \u00e0 15h15 organis\u00e9 par l\u2019association familiale, vous pouvez vous renseigner au bureau<\/span><\/p><p style=\"text-align: center;\"><span style=\"color: #000000;\"><strong>\u00a0<\/strong><\/span><\/p><h3 style=\"text-align: center;\"><span style=\"color: #000000;\"><span style=\"color: #e7c714;\"><strong><u>Tennis de table<\/u><\/strong><\/span><strong>\u00a0<span style=\"color: #cfc000;\">: <\/span><\/strong>Stade Roger Bambuck<\/span><\/h3><p style=\"text-align: center;\"><span style=\"color: #000000;\">Mardi de 14h \u00e0 17h et vendredi de 15h15 \u00e0 17h15.<\/span><\/p><p style=\"text-align: center;\"><span style=\"color: #000000;\">Les cr\u00e9neaux sont reconduits, la fr\u00e9quentation en continu est act\u00e9e, cependant, lors des vacances scolaires, des stages organis\u00e9s par le COS Tennis de Table restent prioritaires dans l\u2019utilisation de la salle.<\/span><\/p><h1 style=\"text-align: center;\"><span style=\"color: #e7c714;\"><strong><u>Journ\u00e9e amicale de rentr\u00e9e<\/u><\/strong><\/span><\/h1><p style=\"text-align: center;\"><span style=\"color: #000000;\">La journ\u00e9e amicale de rentr\u00e9e devrait avoir lieu le 14 octobre, \u00e0 la M.J.C. Jean Savine.\u00a0 La r\u00e9ponse de la MJC est encore attendue \u00e0 ce jour.<\/span><\/p><ol style=\"text-align: center;\"><li><span style=\"color: #000000;\"><strong><em> B. Nous<\/em><\/strong><em> vous rappelons que la pratique dans toutes les activit\u00e9s est soumise \u00e0 autorisation m\u00e9dicale. Les certificats m\u00e9dicaux sont valables 3 ans. Les personnes dont le CM est arriv\u00e9 \u00e0 \u00e9ch\u00e9ance sont pr\u00e9venues par mail.<\/em><\/span><\/li><\/ol><p style=\"text-align: center;\"><span style=\"color: #000000;\"><em>\u00a0<\/em><\/span><\/p><p style=\"text-align: center;\"><span style=\"color: #000000;\"><em>ASSOCIATION FAMILIALE\u00a0 16 Boulevard du Docteur Cattenoz 54600 VILLERS LES NANCY<\/em><\/span><\/p><p style=\"text-align: center;\"><span style=\"color: #000000;\"><a style=\"color: #000000;\" href=\"mailto:ass.fam.villers@wanadoo.fr\"><strong><em>ass.fam.villers@wanadoo.fr<\/em><\/strong><\/a><em>\u00a0 et toujours <strong>cricblan@free.fr<\/strong><\/em><\/span><\/p>\t\t\t\t\t\t<\/div>\n\t\t\t\t<\/div>\n\t\t\t\t\t<\/div>\n\t\t<\/div>\n\t\t\t\t\t<\/div>\n\t\t<\/section>\n\t\t\t\t<section class=\"elementor-section elementor-top-section elementor-element elementor-element-ccb78ea elementor-section-boxed elementor-section-height-default elementor-section-height-default\" data-id=\"ccb78ea\" data-element_type=\"section\">\n\t\t\t\t\t\t<div class=\"elementor-container elementor-column-gap-default\">\n\t\t\t\t\t<div class=\"elementor-column elementor-col-100 elementor-top-column elementor-element elementor-element-0099cdb\" data-id=\"0099cdb\" data-element_type=\"column\">\n\t\t\t<div class=\"elementor-widget-wrap elementor-element-populated\">\n\t\t\t\t\t\t<div class=\"elementor-element elementor-element-9fdcabf elementor-widget elementor-widget-image\" data-id=\"9fdcabf\" data-element_type=\"widget\" data-widget_type=\"image.default\">\n\t\t\t\t<div class=\"elementor-widget-container\">\n\t\t\t\t\t\t\t\t\t\t\t\t\t<img decoding=\"async\" width=\"868\" height=\"15\" src=\"https:\/\/assfamvillers54.fr\/wp-content\/uploads\/2024\/07\/Trait-vert-jaune.jpg\" class=\"attachment-large size-large wp-image-2142\" alt=\"\" srcset=\"https:\/\/assfamvillers54.fr\/wp-content\/uploads\/2024\/07\/Trait-vert-jaune.jpg 868w, https:\/\/assfamvillers54.fr\/wp-content\/uploads\/2024\/07\/Trait-vert-jaune-300x5.jpg 300w, https:\/\/assfamvillers54.fr\/wp-content\/uploads\/2024\/07\/Trait-vert-jaune-768x13.jpg 768w, https:\/\/assfamvillers54.fr\/wp-content\/uploads\/2024\/07\/Trait-vert-jaune-800x15.jpg 800w\" sizes=\"(max-width: 868px) 100vw, 868px\" \/>\t\t\t\t\t\t\t\t\t\t\t\t\t<\/div>\n\t\t\t\t<\/div>\n\t\t\t\t\t<\/div>\n\t\t<\/div>\n\t\t\t\t\t<\/div>\n\t\t<\/section>\n\t\t\t\t<section class=\"elementor-section elementor-top-section elementor-element elementor-element-67c7203 elementor-section-boxed elementor-section-height-default elementor-section-height-default\" data-id=\"67c7203\" data-element_type=\"section\">\n\t\t\t\t\t\t<div class=\"elementor-container elementor-column-gap-default\">\n\t\t\t\t\t<div class=\"elementor-column elementor-col-100 elementor-top-column elementor-element elementor-element-0ce9a3a\" data-id=\"0ce9a3a\" data-element_type=\"column\">\n\t\t\t<div class=\"elementor-widget-wrap elementor-element-populated\">\n\t\t\t\t\t\t<div class=\"elementor-element elementor-element-aad8015 elementor-widget elementor-widget-image\" data-id=\"aad8015\" data-element_type=\"widget\" data-widget_type=\"image.default\">\n\t\t\t\t<div class=\"elementor-widget-container\">\n\t\t\t\t\t\t\t\t\t\t\t\t\t<img loading=\"lazy\" decoding=\"async\" width=\"631\" height=\"80\" src=\"https:\/\/assfamvillers54.fr\/wp-content\/uploads\/2024\/07\/Aines4.jpg\" class=\"attachment-large size-large wp-image-2211\" alt=\"\" srcset=\"https:\/\/assfamvillers54.fr\/wp-content\/uploads\/2024\/07\/Aines4.jpg 631w, https:\/\/assfamvillers54.fr\/wp-content\/uploads\/2024\/07\/Aines4-300x38.jpg 300w\" sizes=\"(max-width: 631px) 100vw, 631px\" \/>\t\t\t\t\t\t\t\t\t\t\t\t\t<\/div>\n\t\t\t\t<\/div>\n\t\t\t\t\t<\/div>\n\t\t<\/div>\n\t\t\t\t\t<\/div>\n\t\t<\/section>\n\t\t\t\t<section class=\"elementor-section elementor-top-section elementor-element elementor-element-8b0d083 elementor-section-boxed elementor-section-height-default elementor-section-height-default\" data-id=\"8b0d083\" data-element_type=\"section\">\n\t\t\t\t\t\t<div class=\"elementor-container elementor-column-gap-default\">\n\t\t\t\t\t<div class=\"elementor-column elementor-col-100 elementor-top-column elementor-element elementor-element-5fcf919\" data-id=\"5fcf919\" data-element_type=\"column\">\n\t\t\t<div class=\"elementor-widget-wrap elementor-element-populated\">\n\t\t\t\t\t\t<div class=\"elementor-element elementor-element-e8d27d0 elementor-widget elementor-widget-image\" data-id=\"e8d27d0\" data-element_type=\"widget\" data-widget_type=\"image.default\">\n\t\t\t\t<div class=\"elementor-widget-container\">\n\t\t\t\t\t\t\t\t\t\t\t\t\t<img loading=\"lazy\" decoding=\"async\" width=\"692\" height=\"1024\" src=\"https:\/\/assfamvillers54.fr\/wp-content\/uploads\/2024\/07\/activites-Aines-692x1024.jpg\" class=\"attachment-large size-large wp-image-1971\" alt=\"\" srcset=\"https:\/\/assfamvillers54.fr\/wp-content\/uploads\/2024\/07\/activites-Aines-692x1024.jpg 692w, https:\/\/assfamvillers54.fr\/wp-content\/uploads\/2024\/07\/activites-Aines-203x300.jpg 203w, https:\/\/assfamvillers54.fr\/wp-content\/uploads\/2024\/07\/activites-Aines-768x1136.jpg 768w, https:\/\/assfamvillers54.fr\/wp-content\/uploads\/2024\/07\/activites-Aines-1038x1536.jpg 1038w, https:\/\/assfamvillers54.fr\/wp-content\/uploads\/2024\/07\/activites-Aines.jpg 1101w\" sizes=\"(max-width: 692px) 100vw, 692px\" \/>\t\t\t\t\t\t\t\t\t\t\t\t\t<\/div>\n\t\t\t\t<\/div>\n\t\t\t\t\t<\/div>\n\t\t<\/div>\n\t\t\t\t\t<\/div>\n\t\t<\/section>\n\t\t\t\t<section class=\"elementor-section elementor-top-section elementor-element elementor-element-b44c907 elementor-section-boxed elementor-section-height-default elementor-section-height-default\" data-id=\"b44c907\" data-element_type=\"section\">\n\t\t\t\t\t\t<div class=\"elementor-container elementor-column-gap-default\">\n\t\t\t\t\t<div class=\"elementor-column elementor-col-100 elementor-top-column elementor-element elementor-element-5e958ae\" data-id=\"5e958ae\" data-element_type=\"column\">\n\t\t\t<div class=\"elementor-widget-wrap elementor-element-populated\">\n\t\t\t\t\t\t<div class=\"elementor-element elementor-element-2d0c3a0 elementor-widget elementor-widget-image\" data-id=\"2d0c3a0\" data-element_type=\"widget\" data-widget_type=\"image.default\">\n\t\t\t\t<div class=\"elementor-widget-container\">\n\t\t\t\t\t\t\t\t\t\t\t\t\t<img decoding=\"async\" width=\"868\" height=\"15\" src=\"https:\/\/assfamvillers54.fr\/wp-content\/uploads\/2024\/07\/Trait-vert-jaune.jpg\" class=\"attachment-large size-large wp-image-2142\" alt=\"\" srcset=\"https:\/\/assfamvillers54.fr\/wp-content\/uploads\/2024\/07\/Trait-vert-jaune.jpg 868w, https:\/\/assfamvillers54.fr\/wp-content\/uploads\/2024\/07\/Trait-vert-jaune-300x5.jpg 300w, https:\/\/assfamvillers54.fr\/wp-content\/uploads\/2024\/07\/Trait-vert-jaune-768x13.jpg 768w, https:\/\/assfamvillers54.fr\/wp-content\/uploads\/2024\/07\/Trait-vert-jaune-800x15.jpg 800w\" sizes=\"(max-width: 868px) 100vw, 868px\" \/>\t\t\t\t\t\t\t\t\t\t\t\t\t<\/div>\n\t\t\t\t<\/div>\n\t\t\t\t\t<\/div>\n\t\t<\/div>\n\t\t\t\t\t<\/div>\n\t\t<\/section>\n\t\t\t\t<section class=\"elementor-section elementor-top-section elementor-element elementor-element-da507b2 elementor-section-boxed elementor-section-height-default elementor-section-height-default\" data-id=\"da507b2\" data-element_type=\"section\">\n\t\t\t\t\t\t<div class=\"elementor-container elementor-column-gap-default\">\n\t\t\t\t\t<div class=\"elementor-column elementor-col-33 elementor-top-column elementor-element elementor-element-03ff432\" data-id=\"03ff432\" data-element_type=\"column\">\n\t\t\t<div class=\"elementor-widget-wrap elementor-element-populated\">\n\t\t\t\t\t\t<div class=\"elementor-element elementor-element-9182488 elementor-widget elementor-widget-text-editor\" data-id=\"9182488\" data-element_type=\"widget\" data-widget_type=\"text-editor.default\">\n\t\t\t\t<div class=\"elementor-widget-container\">\n\t\t\t\t\t\t\t<p>Documents \u00e0 t\u00e9l\u00e9charger<\/p>\t\t\t\t\t\t<\/div>\n\t\t\t\t<\/div>\n\t\t\t\t\t<\/div>\n\t\t<\/div>\n\t\t\t\t<div class=\"elementor-column elementor-col-33 elementor-top-column elementor-element elementor-element-1508d1f\" data-id=\"1508d1f\" data-element_type=\"column\">\n\t\t\t<div class=\"elementor-widget-wrap elementor-element-populated\">\n\t\t\t\t\t\t<div class=\"elementor-element elementor-element-cbe45e5 elementor-widget elementor-widget-text-editor\" data-id=\"cbe45e5\" data-element_type=\"widget\" data-widget_type=\"text-editor.default\">\n\t\t\t\t<div class=\"elementor-widget-container\">\n\t\t\t\t\t\t\t<p><span style=\"color: #ff9d00;\"><a style=\"color: #ff9d00;\" href=\"https:\/\/assfamvillers54.fr\/wp-content\/uploads\/2024\/07\/Fiche-inscription-.pdf\"><span style=\"color: #ffa200;\">Fiche inscription<\/span><\/a><\/span><\/p>\t\t\t\t\t\t<\/div>\n\t\t\t\t<\/div>\n\t\t\t\t\t<\/div>\n\t\t<\/div>\n\t\t\t\t<div class=\"elementor-column elementor-col-33 elementor-top-column elementor-element elementor-element-8325068\" data-id=\"8325068\" data-element_type=\"column\">\n\t\t\t<div class=\"elementor-widget-wrap elementor-element-populated\">\n\t\t\t\t\t\t<div class=\"elementor-element elementor-element-6ec68dc elementor-widget elementor-widget-text-editor\" data-id=\"6ec68dc\" data-element_type=\"widget\" data-widget_type=\"text-editor.default\">\n\t\t\t\t<div class=\"elementor-widget-container\">\n\t\t\t\t\t\t\t<p style=\"text-align: center;\"><span style=\"color: #ffa200;\"><a style=\"color: #ffa200;\" href=\"https:\/\/assfamvillers54.fr\/wp-content\/uploads\/2024\/07\/AutorMedicale.pdf\">Autorisation M\u00e9dicale<\/a><\/span><\/p>\t\t\t\t\t\t<\/div>\n\t\t\t\t<\/div>\n\t\t\t\t\t<\/div>\n\t\t<\/div>\n\t\t\t\t\t<\/div>\n\t\t<\/section>\n\t\t\t\t<section class=\"elementor-section elementor-top-section elementor-element elementor-element-dcc0575 elementor-section-boxed elementor-section-height-default elementor-section-height-default\" data-id=\"dcc0575\" data-element_type=\"section\">\n\t\t\t\t\t\t<div class=\"elementor-container elementor-column-gap-default\">\n\t\t\t\t\t<div class=\"elementor-column elementor-col-100 elementor-top-column elementor-element elementor-element-36b5936\" data-id=\"36b5936\" data-element_type=\"column\">\n\t\t\t<div class=\"elementor-widget-wrap elementor-element-populated\">\n\t\t\t\t\t\t<div class=\"elementor-element elementor-element-4d1d878 elementor-widget elementor-widget-image\" data-id=\"4d1d878\" data-element_type=\"widget\" data-widget_type=\"image.default\">\n\t\t\t\t<div class=\"elementor-widget-container\">\n\t\t\t\t\t\t\t\t\t\t\t\t\t<img decoding=\"async\" width=\"868\" height=\"15\" src=\"https:\/\/assfamvillers54.fr\/wp-content\/uploads\/2024\/07\/Trait-vert-jaune.jpg\" class=\"attachment-large size-large wp-image-2142\" alt=\"\" srcset=\"https:\/\/assfamvillers54.fr\/wp-content\/uploads\/2024\/07\/Trait-vert-jaune.jpg 868w, https:\/\/assfamvillers54.fr\/wp-content\/uploads\/2024\/07\/Trait-vert-jaune-300x5.jpg 300w, https:\/\/assfamvillers54.fr\/wp-content\/uploads\/2024\/07\/Trait-vert-jaune-768x13.jpg 768w, https:\/\/assfamvillers54.fr\/wp-content\/uploads\/2024\/07\/Trait-vert-jaune-800x15.jpg 800w\" sizes=\"(max-width: 868px) 100vw, 868px\" \/>\t\t\t\t\t\t\t\t\t\t\t\t\t<\/div>\n\t\t\t\t<\/div>\n\t\t\t\t\t<\/div>\n\t\t<\/div>\n\t\t\t\t\t<\/div>\n\t\t<\/section>\n\t\t\t\t<section class=\"elementor-section elementor-top-section elementor-element elementor-element-454ef8e elementor-section-boxed elementor-section-height-default elementor-section-height-default\" data-id=\"454ef8e\" data-element_type=\"section\">\n\t\t\t\t\t\t<div class=\"elementor-container elementor-column-gap-default\">\n\t\t\t\t\t<div class=\"elementor-column elementor-col-50 elementor-top-column elementor-element elementor-element-b35e212\" data-id=\"b35e212\" data-element_type=\"column\">\n\t\t\t<div class=\"elementor-widget-wrap elementor-element-populated\">\n\t\t\t\t\t\t<div class=\"elementor-element elementor-element-cfd88c0 elementor-widget elementor-widget-image\" data-id=\"cfd88c0\" data-element_type=\"widget\" data-widget_type=\"image.default\">\n\t\t\t\t<div class=\"elementor-widget-container\">\n\t\t\t\t\t\t\t\t\t\t\t\t\t<img loading=\"lazy\" decoding=\"async\" width=\"640\" height=\"427\" src=\"https:\/\/assfamvillers54.fr\/wp-content\/uploads\/2023\/10\/feuille-automne.jpg\" class=\"attachment-large size-large wp-image-1395\" alt=\"\" srcset=\"https:\/\/assfamvillers54.fr\/wp-content\/uploads\/2023\/10\/feuille-automne.jpg 640w, https:\/\/assfamvillers54.fr\/wp-content\/uploads\/2023\/10\/feuille-automne-300x200.jpg 300w\" sizes=\"(max-width: 640px) 100vw, 640px\" \/>\t\t\t\t\t\t\t\t\t\t\t\t\t<\/div>\n\t\t\t\t<\/div>\n\t\t\t\t\t<\/div>\n\t\t<\/div>\n\t\t\t\t<div class=\"elementor-column elementor-col-50 elementor-top-column elementor-element elementor-element-ca78bf0\" data-id=\"ca78bf0\" data-element_type=\"column\">\n\t\t\t<div class=\"elementor-widget-wrap elementor-element-populated\">\n\t\t\t\t\t\t<div class=\"elementor-element elementor-element-ebb7290 elementor-widget elementor-widget-image\" data-id=\"ebb7290\" data-element_type=\"widget\" data-widget_type=\"image.default\">\n\t\t\t\t<div class=\"elementor-widget-container\">\n\t\t\t\t\t\t\t\t\t\t\t\t\t<img loading=\"lazy\" decoding=\"async\" width=\"739\" height=\"80\" src=\"https:\/\/assfamvillers54.fr\/wp-content\/uploads\/2024\/07\/Toussaint.jpg\" class=\"attachment-large size-large wp-image-2170\" alt=\"\" srcset=\"https:\/\/assfamvillers54.fr\/wp-content\/uploads\/2024\/07\/Toussaint.jpg 739w, https:\/\/assfamvillers54.fr\/wp-content\/uploads\/2024\/07\/Toussaint-300x32.jpg 300w\" sizes=\"(max-width: 739px) 100vw, 739px\" \/>\t\t\t\t\t\t\t\t\t\t\t\t\t<\/div>\n\t\t\t\t<\/div>\n\t\t\t\t\t<\/div>\n\t\t<\/div>\n\t\t\t\t\t<\/div>\n\t\t<\/section>\n\t\t\t\t<section class=\"elementor-section elementor-top-section elementor-element elementor-element-9046ae1 elementor-section-boxed elementor-section-height-default elementor-section-height-default\" data-id=\"9046ae1\" data-element_type=\"section\">\n\t\t\t\t\t\t<div class=\"elementor-container elementor-column-gap-default\">\n\t\t\t\t\t<div class=\"elementor-column elementor-col-100 elementor-top-column elementor-element elementor-element-a549e3e\" data-id=\"a549e3e\" data-element_type=\"column\">\n\t\t\t<div class=\"elementor-widget-wrap elementor-element-populated\">\n\t\t\t\t\t\t<div class=\"elementor-element elementor-element-10822c8 elementor-widget elementor-widget-text-editor\" data-id=\"10822c8\" data-element_type=\"widget\" data-widget_type=\"text-editor.default\">\n\t\t\t\t<div class=\"elementor-widget-container\">\n\t\t\t\t\t\t\t<p><span style=\"color: #333333;\">Pendant les vacances de la Toussaint les activit\u00e9s <strong><span style=\"color: #6ec1e4;\">renforcement musculaires et gym.<\/span><\/strong> sont suspendues. Reprise le 9 novembre.<\/span><\/p><p><span style=\"color: #333333;\"><strong><span style=\"color: #6ec1e4;\">Les marches<\/span><\/strong> en principe continuent sauf \u00e0 ne pas avoir d&rsquo;accompagnateur, vous \u00eates tenus au courant par mail.<\/span><\/p><p><span style=\"color: #333333;\"><strong><span style=\"color: #6ec1e4;\">Les activit\u00e9s aquatiques<\/span><\/strong> sont suspendues. Reprise les 7 et 10 novembre.<\/span><\/p><p><span style=\"color: #333333;\"><strong><span style=\"color: #6ec1e4;\">Le tennis de table<\/span><\/strong> a re\u00e7u son calendrier de cr\u00e9neaux disponibles.<\/span><\/p><p><span style=\"color: #333333;\">Afin de mettre le fichier \u00e0 jour, il serait important que les personnes qui n&rsquo;ont pas encore r\u00e9gl\u00e9 leur <strong><span style=\"color: #6ec1e4;\">ad<\/span><\/strong><span style=\"font-size: 19px;\"><strong><span style=\"color: #6ec1e4;\">h\u00e9sion<\/span><\/strong> mais qui qui ont repris leur activit\u00e9 y pensent, que les personnes non \u00e0 jour de <strong><span style=\"color: #6ec1e4;\">certificat m\u00e9dical<\/span><\/strong> y songent. Merci d&rsquo;y penser.<\/span><\/span><\/p><p><span style=\"font-size: 19px; color: #333333;\">Si des personnes sont int\u00e9ress\u00e9es, sachez que nous disposons <strong><span style=\"color: #6ec1e4;\">de deux places en renforcement musculaire<\/span><\/strong> sur le cr\u00e9neau 10h30\/11h30 le jeudi matin au stade Roger Bambuck.<\/span><\/p><p style=\"text-align: center;\"><span style=\"font-size: 19px; color: #333333;\">Nous vous souhaitons un agr\u00e9able temps de vacances.<\/span><\/p>\t\t\t\t\t\t<\/div>\n\t\t\t\t<\/div>\n\t\t\t\t\t<\/div>\n\t\t<\/div>\n\t\t\t\t\t<\/div>\n\t\t<\/section>\n\t\t\t\t<section class=\"elementor-section elementor-top-section elementor-element elementor-element-8aff338 elementor-section-boxed elementor-section-height-default elementor-section-height-default\" data-id=\"8aff338\" data-element_type=\"section\">\n\t\t\t\t\t\t<div class=\"elementor-container elementor-column-gap-default\">\n\t\t\t\t\t<div class=\"elementor-column elementor-col-100 elementor-top-column elementor-element elementor-element-4314c8f\" data-id=\"4314c8f\" data-element_type=\"column\">\n\t\t\t<div class=\"elementor-widget-wrap elementor-element-populated\">\n\t\t\t\t\t\t<div class=\"elementor-element elementor-element-6700a00 elementor-widget elementor-widget-image\" data-id=\"6700a00\" data-element_type=\"widget\" data-widget_type=\"image.default\">\n\t\t\t\t<div class=\"elementor-widget-container\">\n\t\t\t\t\t\t\t\t\t\t\t\t\t<img decoding=\"async\" width=\"868\" height=\"15\" src=\"https:\/\/assfamvillers54.fr\/wp-content\/uploads\/2024\/07\/Trait-vert-jaune.jpg\" class=\"attachment-large size-large wp-image-2142\" alt=\"\" srcset=\"https:\/\/assfamvillers54.fr\/wp-content\/uploads\/2024\/07\/Trait-vert-jaune.jpg 868w, https:\/\/assfamvillers54.fr\/wp-content\/uploads\/2024\/07\/Trait-vert-jaune-300x5.jpg 300w, https:\/\/assfamvillers54.fr\/wp-content\/uploads\/2024\/07\/Trait-vert-jaune-768x13.jpg 768w, https:\/\/assfamvillers54.fr\/wp-content\/uploads\/2024\/07\/Trait-vert-jaune-800x15.jpg 800w\" sizes=\"(max-width: 868px) 100vw, 868px\" \/>\t\t\t\t\t\t\t\t\t\t\t\t\t<\/div>\n\t\t\t\t<\/div>\n\t\t\t\t\t<\/div>\n\t\t<\/div>\n\t\t\t\t\t<\/div>\n\t\t<\/section>\n\t\t\t\t<section class=\"elementor-section elementor-top-section elementor-element elementor-element-2ad1218 elementor-section-boxed elementor-section-height-default elementor-section-height-default\" data-id=\"2ad1218\" data-element_type=\"section\">\n\t\t\t\t\t\t<div class=\"elementor-container elementor-column-gap-default\">\n\t\t\t\t\t<div class=\"elementor-column elementor-col-100 elementor-top-column elementor-element elementor-element-4cf179d\" data-id=\"4cf179d\" data-element_type=\"column\">\n\t\t\t<div class=\"elementor-widget-wrap elementor-element-populated\">\n\t\t\t\t\t\t<div class=\"elementor-element elementor-element-b89290f elementor-widget elementor-widget-image\" data-id=\"b89290f\" data-element_type=\"widget\" data-widget_type=\"image.default\">\n\t\t\t\t<div class=\"elementor-widget-container\">\n\t\t\t\t\t\t\t\t\t\t\t\t\t<img loading=\"lazy\" decoding=\"async\" width=\"631\" height=\"80\" src=\"https:\/\/assfamvillers54.fr\/wp-content\/uploads\/2024\/07\/Rentree3.jpg\" class=\"attachment-large size-large wp-image-2187\" alt=\"\" srcset=\"https:\/\/assfamvillers54.fr\/wp-content\/uploads\/2024\/07\/Rentree3.jpg 631w, https:\/\/assfamvillers54.fr\/wp-content\/uploads\/2024\/07\/Rentree3-300x38.jpg 300w\" sizes=\"(max-width: 631px) 100vw, 631px\" \/>\t\t\t\t\t\t\t\t\t\t\t\t\t<\/div>\n\t\t\t\t<\/div>\n\t\t\t\t\t<\/div>\n\t\t<\/div>\n\t\t\t\t\t<\/div>\n\t\t<\/section>\n\t\t\t\t<section class=\"elementor-section elementor-top-section elementor-element elementor-element-76a5e4c0 elementor-section-boxed elementor-section-height-default elementor-section-height-default\" data-id=\"76a5e4c0\" data-element_type=\"section\">\n\t\t\t\t\t\t<div class=\"elementor-container elementor-column-gap-default\">\n\t\t\t\t\t<div class=\"elementor-column elementor-col-100 elementor-top-column elementor-element elementor-element-6d832286\" data-id=\"6d832286\" data-element_type=\"column\">\n\t\t\t<div class=\"elementor-widget-wrap elementor-element-populated\">\n\t\t\t\t\t\t<div class=\"elementor-element elementor-element-389c6e7 elementor-widget elementor-widget-text-editor\" data-id=\"389c6e7\" data-element_type=\"widget\" data-widget_type=\"text-editor.default\">\n\t\t\t\t<div class=\"elementor-widget-container\">\n\t\t\t\t\t\t\t<p style=\"text-align: left;\">Cette nouvelle ann\u00e9e qui s\u2019annonce sera plac\u00e9e sous le signe de la continuit\u00e9. A commenc\u00e9 par le tarif de l\u2019adh\u00e9sion qui ne changera pas : 17\u20ac pour les Villarois et 22\u20ac pour les non Villarois.<\/p><p>La participation aux activit\u00e9s restera \u00e0 15\u20ac. Les activit\u00e9s sont toutes reconduites sur les m\u00eames plages horaires, dans les m\u00eames lieux<\/p><p><b>Le renforcement musculaire et la gymnastique<\/b> le jeudi matin au stade Roger Bambuck,<b> Renforcement musculaire<\/b> : 2 cr\u00e9neaux : 9h15\/10h15 et 10h30\/11h30.<span style=\"font-size: 19px; color: var( --e-global-color-secondary );\">Reprise de l\u2019activit\u00e9 le 15 septembre<\/span><\/p><p>G<b>ymnastique<\/b> : une seule s\u00e9ance de 9h15 \u00e0 10h15. Reprise de l\u2019activit\u00e9 le 15 septembre. Pour ces deux activit\u00e9s, priorit\u00e9 est bien s\u00fbr donn\u00e9e aux pratiquant(e)s de l\u2019ann\u00e9e \u00e9coul\u00e9e ; cependant si vous \u00eates amen\u00e9(e)s \u00e0 quitter le groupe, faites-le nous savoir rapidement afin que nous puissions ouvrir l\u2019activit\u00e9 aux personnes qui sont en liste d\u2019attente.<\/p><p><b>Les marches <\/b>: Reprise des marches le 4 septembre.<\/p><p>Grande marche \u00e0 13h20 pour un d\u00e9part \u00e0 13h30 rassemblement sur le mail de Clairlieu ; circuits de 10 \u00e0 12km, rythme soutenu et d\u00e9nivel\u00e9s<\/p><p>Moyenne marche \u00e0 13h35 pour un d\u00e9part \u00e0 13h45 rassemblement sur le mail de Clairlieu ; circuits de 8 \u00e0 9 km, rythme normal, d\u00e9nivel\u00e9s peu importants.<\/p><p>Petite marche \u00e0 14h00, lieu \u00e0 d\u00e9finir chaque lundi en fonction du circuit propos\u00e9 rythme de promenade sur 4 \u00e0 6 km sur circuit ou aller\/retour<\/p><p>A<b>ctivit\u00e9s aquatiques<\/b> : La reprise des activit\u00e9s du P\u00f4le aquatique Grand Nancy est fix\u00e9e \u00e0 partir du 11 septembre 2023 en ce qui concerne la piscine de Laxou. Le cr\u00e9neau de natation libre du mardi devrait \u00eatre reconduit aux m\u00eames horaires et aux m\u00eames conditions : c\u2019est-\u00e0 dire entr\u00e9e dans l\u2019\u00e9tablissement \u00e0 15h30, 15h45 dans l\u2019eau jusqu\u2019\u00e0 16h30 sur une ligne d\u2019eau r\u00e9serv\u00e9e mais avec acc\u00e8s aux autres lignes suivant la fr\u00e9quentation publique qui est tr\u00e8s faible sur cette plage horaire. Le prix de l\u2019entr\u00e9e est fix\u00e9 \u00e0 2.65\u20ac.<\/p><p>Si le covid et la fermeture de Gentilly vous ont \u00e9loign\u00e9(e)s du bassin, n\u2019h\u00e9sitez pas \u00e0 revenir, c\u2019est tranquille. L\u2019aqua s\u00e9nior sera dispens\u00e9e aux m\u00eames horaires que l\u2019ann\u00e9e pr\u00e9c\u00e9dente soit de 16h30 \u00e0 17h15 le vendredi. La liste est compl\u00e8te.<\/p><p><b>Tennis de table<\/b> : Stade Roger Bambuck Mardi de 14h \u00e0 17h et vendredi de 15h15 \u00e0 17h15. Les cr\u00e9neaux sont reconduits, la fr\u00e9quentation en continu est act\u00e9e, cependant, lors des vacances scolaires, des stages organis\u00e9s par le COS Tennis de Table restent prioritaires dans l\u2019utilisation de la salle.<\/p><p>J<b>ourn\u00e9e amicale de rentr\u00e9e<\/b>.<\/p><p>\u00a0La journ\u00e9e amicale de rentr\u00e9e devrait avoir lieu le 16 octobre, \u00e0 la M.J.C. Jean Savine. Cependant des travaux sont pr\u00e9vus sur ce site mais on ne sait toujours pas s\u2019ils d\u00e9buteront en octobre ou en janvier 24 !! Si le site devait \u00eatre inaccessible, une demande serait faite alors en mairie sur Deruet.<\/p><p>N.B .Je vous rappelle que la pratique dans toutes les activit\u00e9s est soumise \u00e0 autorisation m\u00e9dicale. Les certificats m\u00e9dicaux sont valables 3 ans. Sur demande par mail ou SMS (que vous n\u2019oubliez pas de signer !!), je peux vous dire si votre CM est encore valide.<\/p><p>Les formulaires d\u2019inscription sont \u00e0 retourner par voie d\u00e9mat\u00e9rialis\u00e9e ou par voie postale \u00e0 mon adresse d\u00e8s r\u00e9ception.<\/p><p>Les ch\u00e8ques ne sont tir\u00e9s qu\u2019en septembre. N\u2019oubliez pas l\u2019enveloppe timbr\u00e9e \u00e0 votre adresse pour le retour de votre carte et v\u00e9rifier bien que vos ch\u00e8ques soient concordants avec votre fiche d\u2019inscription et sign\u00e9s.<\/p><p>Merci de prendre ces pr\u00e9cautions, les erreurs faisant perdre un temps fou.<\/p><p>Merci Que l\u2019\u00e9t\u00e9 soit agr\u00e9able pour vous et vos familles.<\/p><p><b>Christiane Blanchard<\/b> :\u00a0<a href=\"mailto:cricblan@free.fr\">cricblan@free.fr<\/a><\/p><p>06 23 33 09 52 \u2013 92 rue des Cottages<\/p><p>54600 VILLERS LES NANCY<\/p>\t\t\t\t\t\t<\/div>\n\t\t\t\t<\/div>\n\t\t\t\t\t<\/div>\n\t\t<\/div>\n\t\t\t\t\t<\/div>\n\t\t<\/section>\n\t\t\t\t<section class=\"elementor-section elementor-top-section elementor-element elementor-element-dc4c77f elementor-section-boxed elementor-section-height-default elementor-section-height-default\" data-id=\"dc4c77f\" data-element_type=\"section\">\n\t\t\t\t\t\t<div class=\"elementor-container elementor-column-gap-default\">\n\t\t\t\t\t<div class=\"elementor-column elementor-col-100 elementor-top-column elementor-element elementor-element-326c4a3\" data-id=\"326c4a3\" data-element_type=\"column\">\n\t\t\t<div class=\"elementor-widget-wrap elementor-element-populated\">\n\t\t\t\t\t\t<div class=\"elementor-element elementor-element-5ef33fc elementor-widget elementor-widget-text-editor\" data-id=\"5ef33fc\" data-element_type=\"widget\" data-widget_type=\"text-editor.default\">\n\t\t\t\t<div class=\"elementor-widget-container\">\n\t\t\t\t\t\t\t<p>\u00a0Cliquer ci-contre pour t\u00e9l\u00e9charger votre autorisation m\u00e9dicale\u00a0 \u00a0 \u00a0 \u00a0\u00a0<a href=\"https:\/\/assfamvillers54.fr\/wp-content\/uploads\/2023\/07\/AutorMedicale.pdf\" target=\"_blank\" rel=\"noopener\">AutorM\u00e9dicale<\/a>\u00a0 \u00a0\u00a0<\/p>\t\t\t\t\t\t<\/div>\n\t\t\t\t<\/div>\n\t\t\t\t<div class=\"elementor-element elementor-element-9dd1ed4 elementor-widget elementor-widget-text-editor\" data-id=\"9dd1ed4\" data-element_type=\"widget\" data-widget_type=\"text-editor.default\">\n\t\t\t\t<div class=\"elementor-widget-container\">\n\t\t\t\t\t\t\t<p>Cliquer ci-contre pour t\u00e9l\u00e9charger une fiche d&rsquo;inscription\u00a0 \u00a0 \u00a0 \u00a0 \u00a0 \u00a0 \u00a0 \u00a0 \u00a0<a href=\"https:\/\/assfamvillers54.fr\/wp-content\/uploads\/2023\/07\/Ficheinscription.pdf\" target=\"_blank\" rel=\"noopener\">Ficheinscription<\/a><\/p>\t\t\t\t\t\t<\/div>\n\t\t\t\t<\/div>\n\t\t\t\t<div class=\"elementor-element elementor-element-7682130 elementor-widget elementor-widget-text-editor\" data-id=\"7682130\" data-element_type=\"widget\" data-widget_type=\"text-editor.default\">\n\t\t\t\t<div class=\"elementor-widget-container\">\n\t\t\t\t\t\t\t<p>Cliquer ci-contre pour t\u00e9l\u00e9charger le r\u00e9capitulatif des activit\u00e9s\u00a0 \u00a0 \u00a0 \u00a0 <a href=\"https:\/\/assfamvillers54.fr\/wp-content\/uploads\/2023\/07\/AFGAactivites-23-24-bis.pdf\" target=\"_blank\" rel=\"noopener\">AFGAactivites 23 24 bis<\/a><\/p>\t\t\t\t\t\t<\/div>\n\t\t\t\t<\/div>\n\t\t\t\t\t<\/div>\n\t\t<\/div>\n\t\t\t\t\t<\/div>\n\t\t<\/section>\n\t\t\t\t<section class=\"elementor-section elementor-top-section elementor-element elementor-element-dcac849 elementor-section-boxed elementor-section-height-default elementor-section-height-default\" data-id=\"dcac849\" data-element_type=\"section\">\n\t\t\t\t\t\t<div class=\"elementor-container elementor-column-gap-default\">\n\t\t\t\t\t<div class=\"elementor-column elementor-col-100 elementor-top-column elementor-element elementor-element-ea6cc15\" data-id=\"ea6cc15\" data-element_type=\"column\">\n\t\t\t<div class=\"elementor-widget-wrap\">\n\t\t\t\t\t\t\t<\/div>\n\t\t<\/div>\n\t\t\t\t\t<\/div>\n\t\t<\/section>\n\t\t\t\t<\/div>\n\t\t","protected":false},"excerpt":{"rendered":"<p>Rapport d\u2019activit\u00e9 des A\u00een\u00e9s de l\u2019association familiale\u00a0: ann\u00e9e 2024\/2025 Le groupe des A\u00een\u00e9s a compt\u00e9, pour l\u2019ann\u00e9e 2024 &#8211; 2025, 164 familles adh\u00e9rentes, pour 250 inscriptions \u00e0 une ou plusieurs activit\u00e9s. Sur le secteur \u00ab\u00a0Gymnastique, Renforcement musculaire\u00a0\u00bb ce sont 86 pratiquants, pratiquantes qui se sont retrouv\u00e9s au stade le jeudi matin avec une fr\u00e9quentation assez [&hellip;]<\/p>\n","protected":false},"author":1,"featured_media":0,"parent":0,"menu_order":0,"comment_status":"closed","ping_status":"closed","template":"","meta":[],"_links":{"self":[{"href":"https:\/\/assfamvillers54.fr\/index.php\/wp-json\/wp\/v2\/pages\/337"}],"collection":[{"href":"https:\/\/assfamvillers54.fr\/index.php\/wp-json\/wp\/v2\/pages"}],"about":[{"href":"https:\/\/assfamvillers54.fr\/index.php\/wp-json\/wp\/v2\/types\/page"}],"author":[{"embeddable":true,"href":"https:\/\/assfamvillers54.fr\/index.php\/wp-json\/wp\/v2\/users\/1"}],"replies":[{"embeddable":true,"href":"https:\/\/assfamvillers54.fr\/index.php\/wp-json\/wp\/v2\/comments?post=337"}],"version-history":[{"count":183,"href":"https:\/\/assfamvillers54.fr\/index.php\/wp-json\/wp\/v2\/pages\/337\/revisions"}],"predecessor-version":[{"id":2793,"href":"https:\/\/assfamvillers54.fr\/index.php\/wp-json\/wp\/v2\/pages\/337\/revisions\/2793"}],"wp:attachment":[{"href":"https:\/\/assfamvillers54.fr\/index.php\/wp-json\/wp\/v2\/media?parent=337"}],"curies":[{"name":"wp","href":"https:\/\/api.w.org\/{rel}","templated":true}]}}